{"id":264,"date":"2020-08-16T20:32:24","date_gmt":"2020-08-16T20:32:24","guid":{"rendered":"https:\/\/mttconnect.de\/?page_id=264"},"modified":"2022-06-03T17:30:16","modified_gmt":"2022-06-03T17:30:16","slug":"aktuelles","status":"publish","type":"page","link":"https:\/\/mttconnect.de\/en\/aktuelles\/","title":{"rendered":"News"},"content":{"rendered":"<p>[et_pb_section fb_built=&#8220;1&#8243; custom_padding_last_edited=&#8220;on|desktop&#8220; admin_label=&#8220;Header&#8220; _builder_version=&#8220;4.16&#8243; background_color=&#8220;#be2083&#8243; background_enable_image=&#8220;off&#8220; parallax=&#8220;on&#8220; custom_margin=&#8220;40px|40px||40px|false|true&#8220; custom_margin_tablet=&#8220;&#8220; custom_margin_phone=&#8220;0px|0px||0px|false|true&#8220; custom_margin_last_edited=&#8220;on|phone&#8220; custom_padding=&#8220;100px|0px|0px|||&#8220; custom_padding_tablet=&#8220;40px||||false|false&#8220; custom_padding_phone=&#8220;&#8220; border_radii_phone=&#8220;on|20px|20px|20px|20px&#8220; border_radii_last_edited=&#8220;off|desktop&#8220; global_colors_info=&#8220;{}&#8220;][\/et_pb_section][et_pb_section fb_built=&#8220;1&#8243; admin_label=&#8220;Services&#8220; _builder_version=&#8220;4.16&#8243; background_color=&#8220;#be2083&#8243; custom_margin=&#8220;|40px||40px|false|true&#8220; custom_margin_tablet=&#8220;&#8220; custom_margin_phone=&#8220;|0px||0px|false|true&#8220; custom_margin_last_edited=&#8220;on|tablet&#8220; custom_padding=&#8220;0px||142px|||&#8220; locked=&#8220;off&#8220; global_colors_info=&#8220;{}&#8220;][et_pb_row custom_padding_last_edited=&#8220;on|desktop&#8220; _builder_version=&#8220;4.17.4&#8243; background_color=&#8220;#ffffff&#8220; z_index=&#8220;0&#8243; width_tablet=&#8220;90%&#8220; width_phone=&#8220;100%&#8220; width_last_edited=&#8220;on|desktop&#8220; max_width=&#8220;1200px&#8220; overflow-x=&#8220;visible&#8220; overflow-y=&#8220;visible&#8220; custom_margin=&#8220;-30px|auto|0px|auto|false|false&#8220; custom_margin_tablet=&#8220;&#8220; custom_margin_phone=&#8220;0px|auto||auto|false|false&#8220; custom_margin_last_edited=&#8220;on|phone&#8220; custom_padding=&#8220;23px|60px|0px|90px|false|false&#8220; custom_padding_tablet=&#8220;|||60px|false|false&#8220; custom_padding_phone=&#8220;|40px||40px|false|true&#8220; box_shadow_style=&#8220;preset3&#8243; box_shadow_vertical=&#8220;40px&#8220; box_shadow_blur=&#8220;110px&#8220; box_shadow_spread=&#8220;-40px&#8220; box_shadow_color=&#8220;rgba(131,146,167,0.21)&#8220; global_colors_info=&#8220;{}&#8220; width__hover_enabled=&#8220;off&#8220;][et_pb_column type=&#8220;4_4&#8243; _builder_version=&#8220;4.16&#8243; custom_padding=&#8220;48px||||false|false&#8220; global_colors_info=&#8220;{}&#8220;][et_pb_text _builder_version=&#8220;4.16&#8243; text_font_size=&#8220;17px&#8220; text_line_height=&#8220;1.8em&#8220; header_font=&#8220;Noto Sans|700|||||||&#8220; header_font_size=&#8220;60px&#8220; header_line_height=&#8220;1.2em&#8220; max_width=&#8220;600px&#8220; max_width_last_edited=&#8220;off|desktop&#8220; text_font_size_tablet=&#8220;&#8220; text_font_size_phone=&#8220;15px&#8220; text_font_size_last_edited=&#8220;on|desktop&#8220; header_font_size_tablet=&#8220;40px&#8220; header_font_size_phone=&#8220;30px&#8220; header_font_size_last_edited=&#8220;on|desktop&#8220; global_colors_info=&#8220;{}&#8220;]<\/p>\n<h1>News<\/h1>\n<p>[\/et_pb_text][et_pb_text _builder_version=&#8220;4.17.4&#8243; _module_preset=&#8220;default&#8220; text_font_size=&#8220;22px&#8220; text_line_height=&#8220;1.2em&#8220; global_colors_info=&#8220;{}&#8220;]<\/p>\n<p>Here you will find reports on recent events and other happenings.<\/p>\n<p>[\/et_pb_text][\/et_pb_column][\/et_pb_row][et_pb_row custom_padding_last_edited=&#8220;on|desktop&#8220; _builder_version=&#8220;4.17.4&#8243; background_color=&#8220;#ffffff&#8220; z_index=&#8220;0&#8243; width_tablet=&#8220;90%&#8220; width_phone=&#8220;100%&#8220; width_last_edited=&#8220;on|desktop&#8220; max_width=&#8220;1200px&#8220; overflow-x=&#8220;visible&#8220; overflow-y=&#8220;visible&#8220; custom_margin=&#8220;0px|auto|0px|auto|false|false&#8220; custom_margin_tablet=&#8220;&#8220; custom_margin_phone=&#8220;0px|auto||auto|false|false&#8220; custom_margin_last_edited=&#8220;on|phone&#8220; custom_padding=&#8220;0px|60px|0px|90px|true|false&#8220; custom_padding_tablet=&#8220;|||60px|false|false&#8220; custom_padding_phone=&#8220;|40px||40px|false|true&#8220; box_shadow_style=&#8220;preset3&#8243; box_shadow_vertical=&#8220;40px&#8220; box_shadow_blur=&#8220;110px&#8220; box_shadow_spread=&#8220;-40px&#8220; box_shadow_color=&#8220;rgba(131,146,167,0.21)&#8220; global_colors_info=&#8220;{}&#8220; width__hover_enabled=&#8220;off&#8220;][et_pb_column type=&#8220;4_4&#8243; _builder_version=&#8220;4.16&#8243; custom_padding=&#8220;48px||||false|false&#8220; global_colors_info=&#8220;{}&#8220;][et_pb_divider divider_style=&#8220;dotted&#8220; divider_weight=&#8220;1px&#8220; _builder_version=&#8220;4.17.4&#8243; _module_preset=&#8220;default&#8220; min_height=&#8220;0px&#8220; custom_margin=&#8220;0px||0px||false|false&#8220; custom_padding=&#8220;0px||0px||false|false&#8220; global_colors_info=&#8220;{}&#8220;][\/et_pb_divider][et_pb_text _builder_version=&#8220;4.17.4&#8243; text_font_size=&#8220;17px&#8220; text_line_height=&#8220;1.8em&#8220; header_font=&#8220;Noto Sans|700|||||||&#8220; header_font_size=&#8220;60px&#8220; header_line_height=&#8220;1.2em&#8220; header_2_line_height=&#8220;1.3em&#8220; max_width_last_edited=&#8220;off|desktop&#8220; custom_margin=&#8220;0px||0px||false|false&#8220; custom_padding=&#8220;0px||0px||false|false&#8220; text_font_size_tablet=&#8220;&#8220; text_font_size_phone=&#8220;15px&#8220; text_font_size_last_edited=&#8220;on|desktop&#8220; header_font_size_tablet=&#8220;40px&#8220; header_font_size_phone=&#8220;30px&#8220; header_font_size_last_edited=&#8220;on|desktop&#8220; header_2_font_size_tablet=&#8220;&#8220; header_2_font_size_phone=&#8220;22px&#8220; header_2_font_size_last_edited=&#8220;on|phone&#8220; global_colors_info=&#8220;{}&#8220; max_width__hover_enabled=&#8220;off|desktop&#8220;]<\/p>\n<h2 class=\"p1\"><strong>International mobility of Women in leadership<\/strong><\/h2>\n<p class=\"p1\">Virtual, 12.05.2022<\/p>\n<p>[\/et_pb_text][et_pb_video src=&#8220;https:\/\/www.youtube.com\/watch?v=2ZAadTrKotc&#038;ab_channel=German-HungarianChamberofCommerce&#8220; _builder_version=&#8220;4.17.4&#8243; _module_preset=&#8220;default&#8220; max_width=&#8220;650px&#8220; global_colors_info=&#8220;{}&#8220;][\/et_pb_video][et_pb_text _builder_version=&#8220;4.17.4&#8243; _module_preset=&#8220;default&#8220; custom_margin=&#8220;29px||40px|||&#8220; global_colors_info=&#8220;{}&#8220;]<\/p>\n<p><span>\"Inner mobility is the way to external success\" - that was the conclusion of the event of the international commission of the Association of German Women Entrepreneurs (VdU) together with the German Chamber of Commerce Abroad (AHK) on the subject of \"International Mobility of Women in Leadership\", which I moderate as a board member of the VdU and the AHK Hungary - DUIHK - N\u00e9met-Magyar Ipari \u00e9s Kereskedelmi Kamara.<\/span><\/p>\n<p>&nbsp;<\/p>\n<p class=\"p1 translation-block\">Visit the LONGINES BALVE OPTIMUM <span class=\"s1\"><span style=\"text-decoration: underline\"><a href=\"https:\/\/balve-optimum.de\/optimum-greencircle-page\/\" target=\"_blank\" rel=\"noopener\">website<\/a><\/span><\/span> for more information.<\/p>\n<p>[\/et_pb_text][\/et_pb_column][\/et_pb_row][et_pb_row custom_padding_last_edited=&#8220;on|desktop&#8220; _builder_version=&#8220;4.17.4&#8243; background_color=&#8220;#ffffff&#8220; z_index=&#8220;0&#8243; width_tablet=&#8220;90%&#8220; width_phone=&#8220;100%&#8220; width_last_edited=&#8220;on|desktop&#8220; max_width=&#8220;1200px&#8220; overflow-x=&#8220;visible&#8220; overflow-y=&#8220;visible&#8220; custom_margin=&#8220;0px|auto|0px|auto|false|false&#8220; custom_margin_tablet=&#8220;&#8220; custom_margin_phone=&#8220;0px|auto||auto|false|false&#8220; custom_margin_last_edited=&#8220;on|phone&#8220; custom_padding=&#8220;0px|60px|0px|90px|true|false&#8220; custom_padding_tablet=&#8220;|||60px|false|false&#8220; custom_padding_phone=&#8220;|40px||40px|false|true&#8220; box_shadow_style=&#8220;preset3&#8243; box_shadow_vertical=&#8220;40px&#8220; box_shadow_blur=&#8220;110px&#8220; box_shadow_spread=&#8220;-40px&#8220; box_shadow_color=&#8220;rgba(131,146,167,0.21)&#8220; global_colors_info=&#8220;{}&#8220; width__hover_enabled=&#8220;off&#8220;][et_pb_column type=&#8220;4_4&#8243; _builder_version=&#8220;4.16&#8243; custom_padding=&#8220;48px||||false|false&#8220; global_colors_info=&#8220;{}&#8220;][et_pb_divider divider_style=&#8220;dotted&#8220; divider_weight=&#8220;1px&#8220; _builder_version=&#8220;4.16&#8243; _module_preset=&#8220;default&#8220; min_height=&#8220;0px&#8220; custom_margin=&#8220;||1px|||&#8220; global_colors_info=&#8220;{}&#8220;][\/et_pb_divider][et_pb_text _builder_version=&#8220;4.17.4&#8243; text_font_size=&#8220;17px&#8220; text_line_height=&#8220;1.8em&#8220; header_font=&#8220;Noto Sans|700|||||||&#8220; header_font_size=&#8220;60px&#8220; header_line_height=&#8220;1.2em&#8220; header_2_line_height=&#8220;1.3em&#8220; max_width_last_edited=&#8220;off|desktop&#8220; custom_margin=&#8220;0px||0px||false|false&#8220; custom_padding=&#8220;0px||0px||false|false&#8220; text_font_size_tablet=&#8220;&#8220; text_font_size_phone=&#8220;15px&#8220; text_font_size_last_edited=&#8220;on|desktop&#8220; header_font_size_tablet=&#8220;40px&#8220; header_font_size_phone=&#8220;30px&#8220; header_font_size_last_edited=&#8220;on|desktop&#8220; header_2_font_size_tablet=&#8220;&#8220; header_2_font_size_phone=&#8220;22px&#8220; header_2_font_size_last_edited=&#8220;on|phone&#8220; global_colors_info=&#8220;{}&#8220; max_width__hover_enabled=&#8220;off|desktop&#8220;]<\/p>\n<h2 class=\"p1\"><strong>Kick-Off \u201eWomen@DUIHK\u201c<\/strong><\/h2>\n<p class=\"p1\">Budapest, 09.05.2022<\/p>\n<p>[\/et_pb_text][et_pb_image src=&#8220;https:\/\/mttconnect.de\/wp-content\/uploads\/2022\/06\/1652176223957.jpeg&#8220; title_text=&#8220;1652176223957&#8243; url=&#8220;https:\/\/www.vdu.de\/news\/news-einzelansicht\/news\/weibliche-unternehmensnachfolge-durch-role-models-staerken.html&#8220; url_new_window=&#8220;on&#8220; align_tablet=&#8220;&#8220; align_phone=&#8220;&#8220; align_last_edited=&#8220;on|phone&#8220; _builder_version=&#8220;4.17.4&#8243; _module_preset=&#8220;default&#8220; max_width=&#8220;700px&#8220; custom_margin=&#8220;10px||||false|false&#8220; global_colors_info=&#8220;{}&#8220;][\/et_pb_image][et_pb_text _builder_version=&#8220;4.17.4&#8243; _module_preset=&#8220;default&#8220; custom_margin=&#8220;29px||40px|||&#8220; global_colors_info=&#8220;{}&#8220;]<\/p>\n<p>Under the slogan \"Women@DUIHK\", a new initiative of the AHK Hungary - DUIHK - N\u00e9met-Magyar Ipari \u00e9s Kereskedelmi Kamara started with a very well-attended kick-off event on May 9th. The more than 80 participants showed great interest and at the same time the great need for an exchange around \"women.leadership.economy\u201d.<\/p>\n<p>At Women@DUIHK, entrepreneurs and female managers can regularly meet and exchange views on various topics across industries and hierarchies. The goal is to share knowledge and mutually promote and network women in business.<\/p>\n<p class=\" translation-block\">Visit the LONGINES BALVE OPTIMUM <span class=\"s1\"><span style=\"text-decoration: underline\"><a href=\"https:\/\/balve-optimum.de\/optimum-greencircle-page\/\" target=\"_blank\" rel=\"noopener\">website<\/a><\/span><\/span> for more information.<\/p>\n<p>[\/et_pb_text][\/et_pb_column][\/et_pb_row][et_pb_row custom_padding_last_edited=&#8220;on|desktop&#8220; _builder_version=&#8220;4.17.4&#8243; background_color=&#8220;#ffffff&#8220; z_index=&#8220;0&#8243; width_tablet=&#8220;90%&#8220; width_phone=&#8220;100%&#8220; width_last_edited=&#8220;on|desktop&#8220; max_width=&#8220;1200px&#8220; overflow-x=&#8220;visible&#8220; overflow-y=&#8220;visible&#8220; custom_margin=&#8220;0px|auto|0px|auto|false|false&#8220; custom_margin_tablet=&#8220;&#8220; custom_margin_phone=&#8220;0px|auto||auto|false|false&#8220; custom_margin_last_edited=&#8220;on|phone&#8220; custom_padding=&#8220;0px|60px|0px|90px|true|false&#8220; custom_padding_tablet=&#8220;|||60px|false|false&#8220; custom_padding_phone=&#8220;|40px||40px|false|true&#8220; box_shadow_style=&#8220;preset3&#8243; box_shadow_vertical=&#8220;40px&#8220; box_shadow_blur=&#8220;110px&#8220; box_shadow_spread=&#8220;-40px&#8220; box_shadow_color=&#8220;rgba(131,146,167,0.21)&#8220; global_colors_info=&#8220;{}&#8220; width__hover_enabled=&#8220;off&#8220;][et_pb_column type=&#8220;4_4&#8243; _builder_version=&#8220;4.16&#8243; custom_padding=&#8220;48px||||false|false&#8220; global_colors_info=&#8220;{}&#8220;][et_pb_divider divider_style=&#8220;dotted&#8220; divider_weight=&#8220;1px&#8220; _builder_version=&#8220;4.16&#8243; _module_preset=&#8220;default&#8220; min_height=&#8220;0px&#8220; custom_margin=&#8220;||1px|||&#8220; global_colors_info=&#8220;{}&#8220;][\/et_pb_divider][et_pb_text _builder_version=&#8220;4.17.4&#8243; text_font_size=&#8220;17px&#8220; text_line_height=&#8220;1.8em&#8220; header_font=&#8220;Noto Sans|700|||||||&#8220; header_font_size=&#8220;60px&#8220; header_line_height=&#8220;1.2em&#8220; header_2_line_height=&#8220;1.3em&#8220; max_width_last_edited=&#8220;off|desktop&#8220; custom_margin=&#8220;0px||0px||false|false&#8220; custom_padding=&#8220;0px||0px||false|false&#8220; text_font_size_tablet=&#8220;&#8220; text_font_size_phone=&#8220;15px&#8220; text_font_size_last_edited=&#8220;on|desktop&#8220; header_font_size_tablet=&#8220;40px&#8220; header_font_size_phone=&#8220;30px&#8220; header_font_size_last_edited=&#8220;on|desktop&#8220; header_2_font_size_tablet=&#8220;&#8220; header_2_font_size_phone=&#8220;22px&#8220; header_2_font_size_last_edited=&#8220;on|phone&#8220; global_colors_info=&#8220;{}&#8220; max_width__hover_enabled=&#8220;off|desktop&#8220;]<\/p>\n<h2 class=\"p1\"><strong>OPTIMUM GreenCircle is growing<\/strong><\/h2>\n<p class=\"p1\">Hagen, 28.03.2022<\/p>\n<p>[\/et_pb_text][et_pb_image src=&#8220;https:\/\/mttconnect.de\/wp-content\/uploads\/2022\/06\/1648282154796.jpeg&#8220; title_text=&#8220;1648282154796&#8243; url=&#8220;https:\/\/www.vdu.de\/news\/news-einzelansicht\/news\/weibliche-unternehmensnachfolge-durch-role-models-staerken.html&#8220; url_new_window=&#8220;on&#8220; align_tablet=&#8220;&#8220; align_phone=&#8220;&#8220; align_last_edited=&#8220;on|phone&#8220; _builder_version=&#8220;4.17.4&#8243; _module_preset=&#8220;default&#8220; max_width=&#8220;700px&#8220; custom_margin=&#8220;10px||||false|false&#8220; global_colors_info=&#8220;{}&#8220;][\/et_pb_image][et_pb_text _builder_version=&#8220;4.17.4&#8243; _module_preset=&#8220;default&#8220; custom_margin=&#8220;29px||40px|||&#8220; hover_enabled=&#8220;0&#8243; global_colors_info=&#8220;{}&#8220; custom_padding=&#8220;0px|||||&#8220; sticky_enabled=&#8220;0&#8243;]<\/p>\n<p class=\"p1 translation-block\">I am pleased that my voluntary work in favor of sustainable management in Westphalia and equestrian sports at the Balve Wocklum facility, where I spent my youth, is bearing fruit.\nAt the network meeting of the members and supporters of the OPTIMUM GreenCircle in the Porsche Center Lennetal, I discussed the plans for the LONGINES BALVE OPTIMUM on 9-12. June 2022 together with Stefanie Kissmer (we are both project managers for the OGC) and Ann-Christin Spiller (LBO).\nAll participating companies and institutions have committed themselves to sustainability with their products, goals and values and are implementing concrete measures.\nFor this year's OPTIMUM, an exhibition in the OPTIMUM GREEN CUBE and many exciting impulses including panel discussions are planned as in the OPTIMUM GREEN DIALOGUES.<\/p>\n<p class=\"p1 translation-block\">Visit the LONGINES BALVE OPTIMUM <span class=\"s1\"><span style=\"text-decoration: underline\"><a href=\"https:\/\/balve-optimum.de\/optimum-greencircle-page\/\" target=\"_blank\" rel=\"noopener\">website<\/a><\/span><\/span> for more information.<\/p>\n<p>[\/et_pb_text][\/et_pb_column][\/et_pb_row][et_pb_row custom_padding_last_edited=&#8220;on|desktop&#8220; _builder_version=&#8220;4.17.4&#8243; background_color=&#8220;#ffffff&#8220; z_index=&#8220;0&#8243; width_tablet=&#8220;90%&#8220; width_phone=&#8220;100%&#8220; width_last_edited=&#8220;on|desktop&#8220; max_width=&#8220;1200px&#8220; overflow-x=&#8220;visible&#8220; overflow-y=&#8220;visible&#8220; custom_margin=&#8220;0px|auto|0px|auto|false|false&#8220; custom_margin_tablet=&#8220;&#8220; custom_margin_phone=&#8220;0px|auto||auto|false|false&#8220; custom_margin_last_edited=&#8220;on|phone&#8220; custom_padding=&#8220;0px|60px|0px|90px|true|false&#8220; custom_padding_tablet=&#8220;|||60px|false|false&#8220; custom_padding_phone=&#8220;|40px||40px|false|true&#8220; box_shadow_style=&#8220;preset3&#8243; box_shadow_vertical=&#8220;40px&#8220; box_shadow_blur=&#8220;110px&#8220; box_shadow_spread=&#8220;-40px&#8220; box_shadow_color=&#8220;rgba(131,146,167,0.21)&#8220; global_colors_info=&#8220;{}&#8220; width__hover_enabled=&#8220;off&#8220;][et_pb_column type=&#8220;4_4&#8243; _builder_version=&#8220;4.16&#8243; custom_padding=&#8220;48px||||false|false&#8220; global_colors_info=&#8220;{}&#8220;][et_pb_divider divider_style=&#8220;dotted&#8220; divider_weight=&#8220;1px&#8220; _builder_version=&#8220;4.16&#8243; _module_preset=&#8220;default&#8220; min_height=&#8220;0px&#8220; custom_margin=&#8220;||4px|||&#8220; global_colors_info=&#8220;{}&#8220;][\/et_pb_divider][et_pb_text _builder_version=&#8220;4.17.4&#8243; text_font_size=&#8220;17px&#8220; text_line_height=&#8220;1.8em&#8220; header_font=&#8220;Noto Sans|700|||||||&#8220; header_font_size=&#8220;60px&#8220; header_line_height=&#8220;1.2em&#8220; header_2_line_height=&#8220;1.3em&#8220; max_width_last_edited=&#8220;off|desktop&#8220; custom_margin=&#8220;0px||0px||false|false&#8220; custom_padding=&#8220;0px||0px||false|false&#8220; text_font_size_tablet=&#8220;&#8220; text_font_size_phone=&#8220;15px&#8220; text_font_size_last_edited=&#8220;on|desktop&#8220; header_font_size_tablet=&#8220;40px&#8220; header_font_size_phone=&#8220;30px&#8220; header_font_size_last_edited=&#8220;on|desktop&#8220; header_2_font_size_tablet=&#8220;&#8220; header_2_font_size_phone=&#8220;22px&#8220; header_2_font_size_last_edited=&#8220;on|phone&#8220; global_colors_info=&#8220;{}&#8220; max_width__hover_enabled=&#8220;off|desktop&#8220;]<\/p>\n<h2 class=\"p1\"><strong>International Women's Day in Budapest<\/strong><\/h2>\n<p class=\"p1\">Budapest, 08.03.2022<\/p>\n<p>[\/et_pb_text][et_pb_image src=&#8220;https:\/\/mttconnect.de\/wp-content\/uploads\/2022\/06\/1646760234421.jpeg&#8220; title_text=&#8220;1646760234421&#8243; url=&#8220;https:\/\/www.vdu.de\/news\/news-einzelansicht\/news\/weibliche-unternehmensnachfolge-durch-role-models-staerken.html&#8220; url_new_window=&#8220;on&#8220; align_tablet=&#8220;&#8220; align_phone=&#8220;&#8220; align_last_edited=&#8220;on|phone&#8220; _builder_version=&#8220;4.17.4&#8243; _module_preset=&#8220;default&#8220; max_width=&#8220;700px&#8220; custom_margin=&#8220;10px||||false|false&#8220; global_colors_info=&#8220;{}&#8220;][\/et_pb_image][et_pb_text _builder_version=&#8220;4.17.4&#8243; _module_preset=&#8220;default&#8220; custom_margin=&#8220;29px||40px|||&#8220; global_colors_info=&#8220;{}&#8220;]<\/p>\n<p class=\"p1\">On March 8, 2022, the VdU Landesverband Westfalen, of which I am a board member, visited the German-Hungarian business network DialogUngarn Nonprofit Kft, the Hungarian capital Budapest and Hungary on the occasion of International Women's Day. The participants of the trip came not only from Westphalia, but from the various state associations of the Association of German Entrepreneurs e.V. (VdU).<\/p>\n<p class=\"p1\">Part of the program was a reception at the German Ambassador Johanes Heindl in his residence in Budapest, where there were lively discussions, as well as an exchange with Hungarian women entrepreneurs in the German-Hungarian Chamber of Commerce at the invitation of the Managing Director, Barbara Zollmann. The focus was on German- Hungarian economic relations, but also on topics such as the position of women in business worldwide and female entrepreneurship.<\/p>\n<p class=\"p1\">I was particularly pleased that so many female colleagues were interested in my professional homeland, Hungary.<span class=\"Apple-converted-space\">\u00a0<\/span><\/p>\n<p class=\"p2\">\n<p class=\"p1\">You can find out more about our visit to Hungary <a href=\"https:\/\/www.linkedin.com\/posts\/dr-marie-theres-thiell_internationalenweltfrauentag-autonomesfahren-activity-6907013046167089152-H9eA?utm_source=linkedin_share&amp;utm_medium=member_desktop_web\" target=\"_blank\" rel=\"noopener\"><span style=\"text-decoration: underline;\"><span class=\"s1\">here<\/span><\/span><\/a>.<span class=\"Apple-converted-space\">\u00a0<\/span><\/p>\n<p>[\/et_pb_text][\/et_pb_column][\/et_pb_row][et_pb_row custom_padding_last_edited=&#8220;on|desktop&#8220; _builder_version=&#8220;4.16&#8243; background_color=&#8220;#ffffff&#8220; z_index=&#8220;0&#8243; width_tablet=&#8220;90%&#8220; width_phone=&#8220;100%&#8220; width_last_edited=&#8220;on|desktop&#8220; max_width=&#8220;1200px&#8220; overflow-x=&#8220;visible&#8220; overflow-y=&#8220;visible&#8220; custom_margin=&#8220;-30px|auto|0px|auto|false|false&#8220; custom_margin_tablet=&#8220;&#8220; custom_margin_phone=&#8220;0px|auto||auto|false|false&#8220; custom_margin_last_edited=&#8220;on|phone&#8220; custom_padding=&#8220;23px|60px|23px|90px|true|false&#8220; custom_padding_tablet=&#8220;|||60px|false|false&#8220; custom_padding_phone=&#8220;|40px||40px|false|true&#8220; box_shadow_style=&#8220;preset3&#8243; box_shadow_vertical=&#8220;40px&#8220; box_shadow_blur=&#8220;110px&#8220; box_shadow_spread=&#8220;-40px&#8220; box_shadow_color=&#8220;rgba(131,146,167,0.21)&#8220; global_colors_info=&#8220;{}&#8220; width__hover_enabled=&#8220;off&#8220;][et_pb_column type=&#8220;4_4&#8243; _builder_version=&#8220;4.16&#8243; custom_padding=&#8220;48px||||false|false&#8220; global_colors_info=&#8220;{}&#8220;][et_pb_divider divider_style=&#8220;dotted&#8220; divider_weight=&#8220;1px&#8220; _builder_version=&#8220;4.16&#8243; _module_preset=&#8220;default&#8220; min_height=&#8220;0px&#8220; custom_margin=&#8220;||1px|||&#8220; global_colors_info=&#8220;{}&#8220;][\/et_pb_divider][et_pb_text _builder_version=&#8220;4.17.0&#8243; text_font_size=&#8220;17px&#8220; text_line_height=&#8220;1.8em&#8220; header_font=&#8220;Noto Sans|700|||||||&#8220; header_font_size=&#8220;60px&#8220; header_line_height=&#8220;1.2em&#8220; header_2_line_height=&#8220;1.3em&#8220; max_width_last_edited=&#8220;off|desktop&#8220; custom_margin=&#8220;0px||0px||false|false&#8220; custom_padding=&#8220;0px||0px||false|false&#8220; text_font_size_tablet=&#8220;&#8220; text_font_size_phone=&#8220;15px&#8220; text_font_size_last_edited=&#8220;on|desktop&#8220; header_font_size_tablet=&#8220;40px&#8220; header_font_size_phone=&#8220;30px&#8220; header_font_size_last_edited=&#8220;on|desktop&#8220; header_2_font_size_tablet=&#8220;&#8220; header_2_font_size_phone=&#8220;22px&#8220; header_2_font_size_last_edited=&#8220;on|phone&#8220; global_colors_info=&#8220;{}&#8220; max_width__hover_enabled=&#8220;off|desktop&#8220;]<\/p>\n<h2 class=\"p1\"><strong>Female business succession<\/strong><\/h2>\n<p class=\"p1\">Westphalia, 22.02.2022<\/p>\n<p>[\/et_pb_text][et_pb_image src=&#8220;https:\/\/mttconnect.de\/wp-content\/uploads\/2022\/04\/vdu_w_u.jpg&#8220; title_text=&#8220;vdu_w_u&#8220; url=&#8220;https:\/\/www.vdu.de\/news\/news-einzelansicht\/news\/weibliche-unternehmensnachfolge-durch-role-models-staerken.html&#8220; url_new_window=&#8220;on&#8220; align_tablet=&#8220;&#8220; align_phone=&#8220;&#8220; align_last_edited=&#8220;on|phone&#8220; _builder_version=&#8220;4.17.4&#8243; _module_preset=&#8220;default&#8220; max_width=&#8220;700px&#8220; custom_margin=&#8220;10px||||false|false&#8220; global_colors_info=&#8220;{}&#8220;][\/et_pb_image][et_pb_text _builder_version=&#8220;4.17.0&#8243; _module_preset=&#8220;default&#8220; custom_margin=&#8220;29px||60px|||&#8220; global_colors_info=&#8220;{}&#8220;]<\/p>\n<p class=\"p1\">In the panel, moderated by board member Dr. Marie-Theres Thiell, the regional association chairwoman Angelika Thaler-Jung, Simone and Frederike Strate and Bertholt Schr\u00f6der, President of the West German Chamber of Crafts and the Dortmund Chamber of Crafts discussed female corporate succession<\/p>\n<p>You can find the article on this <a href=\"https:\/\/www.vdu.de\/news\/news-einzelansicht\/news\/weibliche-unternehmensnachfolge-durch-role-models-staerken.html\"><span style=\"text-decoration: underline;\">here<\/span><\/a>.<\/p>\n<p>[\/et_pb_text][et_pb_divider divider_style=&#8220;dotted&#8220; divider_weight=&#8220;1px&#8220; _builder_version=&#8220;4.16&#8243; _module_preset=&#8220;default&#8220; custom_margin=&#8220;||1px|||&#8220; global_colors_info=&#8220;{}&#8220;][\/et_pb_divider][et_pb_text _builder_version=&#8220;4.17.0&#8243; text_font_size=&#8220;17px&#8220; text_line_height=&#8220;1.8em&#8220; header_font=&#8220;Noto Sans|700|||||||&#8220; header_font_size=&#8220;60px&#8220; header_line_height=&#8220;1.2em&#8220; header_2_line_height=&#8220;1.3em&#8220; max_width_last_edited=&#8220;off|desktop&#8220; custom_margin=&#8220;0px||0px||false|false&#8220; custom_padding=&#8220;0px||0px||false|false&#8220; text_font_size_tablet=&#8220;&#8220; text_font_size_phone=&#8220;15px&#8220; text_font_size_last_edited=&#8220;on|desktop&#8220; header_font_size_tablet=&#8220;40px&#8220; header_font_size_phone=&#8220;30px&#8220; header_font_size_last_edited=&#8220;on|desktop&#8220; header_2_font_size_tablet=&#8220;&#8220; header_2_font_size_phone=&#8220;22px&#8220; header_2_font_size_last_edited=&#8220;on|phone&#8220; global_colors_info=&#8220;{}&#8220; max_width__hover_enabled=&#8220;off|desktop&#8220;]<\/p>\n<h2 class=\"p1\"><strong>German-Hungarian Business Dialogue Hydrogen<\/strong><\/h2>\n<p class=\"p1\">Essen, February 15, 2022\n<\/p>\n<p>[\/et_pb_text][et_pb_text _builder_version=&#8220;4.17.0&#8243; _module_preset=&#8220;default&#8220; custom_margin=&#8220;29px||40px|||&#8220; global_colors_info=&#8220;{}&#8220;]<\/p>\n<p class=\"p1\">Atilla Steiner, Staatssekret\u00e4r f\u00fcr Kreislaufwirtschaft, Energie- und Klimapolitik im Ministerium f\u00fcr Innovation und Technologie, und Katherina Reiche, Vorsitzende Nationaler Wasserstoffrat der Bundesregierung, trafen sich im Rahmen einer Veranstaltung von DialogUngarn in Essen und tauschten M\u00f6glichkeiten der Kooperationen im Bereich der Umstellung der Wirtschaft auf die Wasserstofftechnologie zwischen Deutschland und Ungarn aus. Wie wichtig der Austausch im Unternehmensbereich und insbesondere auch bei jungen Unternehmen ist, erl\u00e4uterte Uwe Kerkmann, Gesch\u00e4ftsf\u00fchrer der H2UB GmbH, einer europaweiten Plattform f\u00fcr Wasserstoff Start-ups, die vom Land NRW gef\u00f6rdert wird. Kerkmann betonte die Wichtigkeit der europ\u00e4ischen Vernetzung lud ungarische Unternehmen zur Mitwirkung in dem HUB ein. Mit Barbara Zollmann, gesch\u00e4ftsf\u00fchrender Vorstand der Deutsch-Ungarischen Handelskammer in Budapest, wurde die Diskussionsrunde abgerundet.<\/p>\n<p>[\/et_pb_text][et_pb_video src=&#8220;https:\/\/www.youtube.com\/watch?v=b9nnO5BpN9k&#038;feature=youtu.be&#8220; _builder_version=&#8220;4.17.0&#8243; _module_preset=&#8220;default&#8220; max_width=&#8220;650px&#8220; global_colors_info=&#8220;{}&#8220;][\/et_pb_video][et_pb_divider divider_style=&#8220;dotted&#8220; divider_weight=&#8220;1px&#8220; _builder_version=&#8220;4.16&#8243; _module_preset=&#8220;default&#8220; custom_margin=&#8220;60px||1px|||&#8220; global_colors_info=&#8220;{}&#8220;][\/et_pb_divider][et_pb_text _builder_version=&#8220;4.16&#8243; text_font_size=&#8220;17px&#8220; text_line_height=&#8220;1.8em&#8220; header_font=&#8220;Noto Sans|700|||||||&#8220; header_font_size=&#8220;60px&#8220; header_line_height=&#8220;1.2em&#8220; header_2_line_height=&#8220;1.3em&#8220; max_width_last_edited=&#8220;off|desktop&#8220; custom_margin=&#8220;0px||0px||false|false&#8220; custom_padding=&#8220;0px||0px||false|false&#8220; text_font_size_tablet=&#8220;&#8220; text_font_size_phone=&#8220;15px&#8220; text_font_size_last_edited=&#8220;on|desktop&#8220; header_font_size_tablet=&#8220;40px&#8220; header_font_size_phone=&#8220;30px&#8220; header_font_size_last_edited=&#8220;on|desktop&#8220; header_2_font_size_tablet=&#8220;&#8220; header_2_font_size_phone=&#8220;22px&#8220; header_2_font_size_last_edited=&#8220;on|phone&#8220; global_colors_info=&#8220;{}&#8220; max_width__hover_enabled=&#8220;off|desktop&#8220;]<\/p>\n<h2 class=\"p1\"><strong>DialogUngarn - Relevant topics and top-class speakers<\/strong><\/h2>\n<p class=\"p1\">Budapest, 04.06.2021<\/p>\n<p>[\/et_pb_text][et_pb_image src=&#8220;https:\/\/mttconnect.de\/wp-content\/uploads\/2021\/06\/BZ-Magazin-2021_nr12.png&#8220; title_text=&#8220;BZ-Magazin-2021_nr12&#8243; url=&#8220;https:\/\/mttconnect.de\/wp-content\/uploads\/2021\/06\/BZ_n12_2021_dialog-ungarn.pdf&#8220; url_new_window=&#8220;on&#8220; align_tablet=&#8220;&#8220; align_phone=&#8220;&#8220; align_last_edited=&#8220;on|phone&#8220; _builder_version=&#8220;4.17.4&#8243; _module_preset=&#8220;default&#8220; max_width=&#8220;600px&#8220; global_colors_info=&#8220;{}&#8220;][\/et_pb_image][et_pb_text _builder_version=&#8220;4.16&#8243; _module_preset=&#8220;default&#8220; custom_margin=&#8220;29px||60px|||&#8220; global_colors_info=&#8220;{}&#8220;]<\/p>\n<p class=\"p1\">The business platform DialogUngarn was launched last autumn under the motto \u201cFrom business for business\u201d. The aim of the nonprofit organization is to set up an independent dialogue platform to maintain economic relations between Germany and Hungary.<\/p>\n<p class=\"p1\">You can read the whole article here. (<a href=\"https:\/\/mttconnect.de\/wp-content\/uploads\/2021\/06\/BZ_n12_2021_dialog-ungarn.pdf\" target=\"_blank\" rel=\"noopener\"><span style=\"text-decoration: underline;\">Download PDF<\/span><\/a>)<\/p>\n<p>[\/et_pb_text][et_pb_divider divider_style=&#8220;dotted&#8220; divider_weight=&#8220;1px&#8220; _builder_version=&#8220;4.16&#8243; _module_preset=&#8220;default&#8220; custom_margin=&#8220;||-2px|||&#8220; global_colors_info=&#8220;{}&#8220;][\/et_pb_divider][et_pb_text _builder_version=&#8220;4.16&#8243; text_font_size=&#8220;17px&#8220; text_line_height=&#8220;1.8em&#8220; header_font=&#8220;Noto Sans|700|||||||&#8220; header_font_size=&#8220;60px&#8220; header_line_height=&#8220;1.2em&#8220; max_width_last_edited=&#8220;off|desktop&#8220; custom_margin=&#8220;0px||0px||false|false&#8220; custom_padding=&#8220;0px||0px||false|false&#8220; text_font_size_tablet=&#8220;&#8220; text_font_size_phone=&#8220;15px&#8220; text_font_size_last_edited=&#8220;on|desktop&#8220; header_font_size_tablet=&#8220;40px&#8220; header_font_size_phone=&#8220;30px&#8220; header_font_size_last_edited=&#8220;on|desktop&#8220; header_2_font_size_tablet=&#8220;&#8220; header_2_font_size_phone=&#8220;22px&#8220; header_2_font_size_last_edited=&#8220;on|phone&#8220; global_colors_info=&#8220;{}&#8220;]<\/p>\n<h2 class=\"p1\"><strong>DialogUngarn \u2013 Business women in dialogue<\/strong><\/h2>\n<p class=\"p1\">Budapest, 22.03.2021<\/p>\n<p>[\/et_pb_text][et_pb_text _builder_version=&#8220;4.16&#8243; _module_preset=&#8220;default&#8220; custom_margin=&#8220;29px||40px|||&#8220; global_colors_info=&#8220;{}&#8220;]<\/p>\n<p class=\"p1\"><span>DialogUngarn invited to the opening event of the event series \u201cWirtschaftsfrauen im Dialog\u201d - a cross-border and cross-hierarchy network format by business women for business women on topics of macroeconomic relevance. The online event was opened with a warm greeting from Hungarian Family Minister Katalin Nov\u00e1k. The managing director of Penny Hungaria, Silke Janz, impressively described the challenges of Corona from the point of view of a company boss in the retail sector.<\/span><\/p>\n<p class=\"p1\">The recording of our event can be found here below.<\/p>\n<p>[\/et_pb_text][et_pb_video src=&#8220;https:\/\/www.youtube.com\/watch?v=GPMxq9N5UTA&#038;feature=youtu.be&#8220; _builder_version=&#8220;4.16&#8243; _module_preset=&#8220;default&#8220; max_width=&#8220;650px&#8220; global_colors_info=&#8220;{}&#8220;][\/et_pb_video][et_pb_video src=&#8220;https:\/\/www.youtube.com\/watch?v=MHMTu5q0kBM&#8220; _builder_version=&#8220;4.16&#8243; _module_preset=&#8220;default&#8220; max_width=&#8220;650px&#8220; global_colors_info=&#8220;{}&#8220;][\/et_pb_video][et_pb_divider divider_style=&#8220;dotted&#8220; divider_weight=&#8220;1px&#8220; _builder_version=&#8220;4.16&#8243; _module_preset=&#8220;default&#8220; custom_margin=&#8220;60px||1px|||&#8220; global_colors_info=&#8220;{}&#8220;][\/et_pb_divider][et_pb_text _builder_version=&#8220;4.16&#8243; text_font_size=&#8220;17px&#8220; text_line_height=&#8220;1.8em&#8220; header_font=&#8220;Noto Sans|700|||||||&#8220; header_font_size=&#8220;60px&#8220; header_line_height=&#8220;1.2em&#8220; max_width_last_edited=&#8220;off|desktop&#8220; custom_margin=&#8220;0px||0px||false|false&#8220; custom_padding=&#8220;0px||0px||false|false&#8220; text_font_size_tablet=&#8220;&#8220; text_font_size_phone=&#8220;15px&#8220; text_font_size_last_edited=&#8220;on|desktop&#8220; header_font_size_tablet=&#8220;40px&#8220; header_font_size_phone=&#8220;30px&#8220; header_font_size_last_edited=&#8220;on|desktop&#8220; header_2_font_size_tablet=&#8220;&#8220; header_2_font_size_phone=&#8220;22px&#8220; header_2_font_size_last_edited=&#8220;on|phone&#8220; global_colors_info=&#8220;{}&#8220;]<\/p>\n<h2 class=\"p1\"><strong>Zwei Jahre Netzwerk Digital<\/strong><\/h2>\n<p class=\"p1\">Budapest, 26. Februar 2021<\/p>\n<p>[\/et_pb_text][et_pb_image src=&#8220;https:\/\/mttconnect.de\/wp-content\/uploads\/2021\/03\/BZ_Zwei-Jahre-Netzwerk-Digital_Screenshot.png&#8220; title_text=&#8220;BZ_Zwei-Jahre-Netzwerk-Digital_Screenshot&#8220; url=&#8220;https:\/\/mttconnect.de\/wp-content\/uploads\/2021\/03\/Zwei-Jahre-Netzwerk-Digital_Screenshot.pdf&#8220; url_new_window=&#8220;on&#8220; align_tablet=&#8220;&#8220; align_phone=&#8220;&#8220; align_last_edited=&#8220;on|phone&#8220; _builder_version=&#8220;4.17.4&#8243; _module_preset=&#8220;default&#8220; max_width=&#8220;700px&#8220; global_colors_info=&#8220;{}&#8220;][\/et_pb_image][et_pb_text _builder_version=&#8220;4.16&#8243; _module_preset=&#8220;default&#8220; custom_margin=&#8220;29px||100px|||&#8220; global_colors_info=&#8220;{}&#8220;]<\/p>\n<p class=\"p1\"><span>Exactly two years ago to the day, the \u201cNetzwerk Digital\u201d started with its first event at Hotel Corinthia. On the second birthday, partners and supporters met virtually on February 19 to review past activities and to exchange ideas about future projects and topics.<\/span><\/p>\n<p class=\"p1\">You can read the whole interview here. (<a href=\"https:\/\/mttconnect.de\/wp-content\/uploads\/2021\/03\/Zwei-Jahre-Netzwerk-Digital_Screenshot.pdf\" target=\"_blank\" rel=\"noopener noreferrer\"><span style=\"text-decoration: underline;\">Download PDF<\/span><\/a>)<\/p>\n<p>[\/et_pb_text][et_pb_divider divider_style=&#8220;dotted&#8220; divider_weight=&#8220;1px&#8220; _builder_version=&#8220;4.16&#8243; _module_preset=&#8220;default&#8220; custom_margin=&#8220;||2px|||&#8220; global_colors_info=&#8220;{}&#8220;][\/et_pb_divider][et_pb_text _builder_version=&#8220;4.16&#8243; text_font_size=&#8220;17px&#8220; text_line_height=&#8220;1.8em&#8220; header_font=&#8220;Noto Sans|700|||||||&#8220; header_font_size=&#8220;60px&#8220; header_line_height=&#8220;1.2em&#8220; max_width_last_edited=&#8220;off|desktop&#8220; custom_margin=&#8220;0px||0px||false|false&#8220; custom_padding=&#8220;0px||0px||false|false&#8220; text_font_size_tablet=&#8220;&#8220; text_font_size_phone=&#8220;15px&#8220; text_font_size_last_edited=&#8220;on|desktop&#8220; header_font_size_tablet=&#8220;40px&#8220; header_font_size_phone=&#8220;30px&#8220; header_font_size_last_edited=&#8220;on|desktop&#8220; header_2_font_size_tablet=&#8220;&#8220; header_2_font_size_phone=&#8220;22px&#8220; header_2_font_size_last_edited=&#8220;on|phone&#8220; global_colors_info=&#8220;{}&#8220;]<\/p>\n<h2 class=\"p1\"><strong>DialogUngarn - \"From business for business\" <\/strong><\/h2>\n<p class=\"p1\">Budapest, 11. Dezember 2020<\/p>\n<p>[\/et_pb_text][et_pb_image src=&#8220;https:\/\/mttconnect.de\/wp-content\/uploads\/2021\/01\/BZ-Magazin-2020-45.png&#8220; title_text=&#8220;BZ-Magazin-2020-45&#8243; url=&#8220;https:\/\/mttconnect.de\/wp-content\/uploads\/2020\/10\/BZ-Magazin-2020-34.pdf&#8220; url_new_window=&#8220;on&#8220; align_tablet=&#8220;&#8220; align_phone=&#8220;&#8220; align_last_edited=&#8220;on|phone&#8220; _builder_version=&#8220;4.17.4&#8243; _module_preset=&#8220;default&#8220; max_width=&#8220;600px&#8220; global_colors_info=&#8220;{}&#8220;][\/et_pb_image][et_pb_text _builder_version=&#8220;4.16&#8243; _module_preset=&#8220;default&#8220; custom_margin=&#8220;29px||100px|||&#8220; global_colors_info=&#8220;{}&#8220;]<\/p>\n<p class=\"p1\">In the run-up to the digital kick-off event for DialogUngarn, my co-partners Maren Schoening, Dr. Arne Gobert and I talked with the Budapest newspaper about background and goals of DialogUngarn.<\/p>\n<p class=\"p1\">You can read the whole interview here. (<a href=\"https:\/\/mttconnect.de\/wp-content\/uploads\/2021\/01\/Dialog-Ungarn-BZ-NR-45.pdf\" target=\"_blank\" rel=\"noopener noreferrer\"><span style=\"text-decoration: underline;\">Download PDF<\/span><\/a>)<\/p>\n<p>[\/et_pb_text][et_pb_divider divider_style=&#8220;dotted&#8220; divider_weight=&#8220;1px&#8220; _builder_version=&#8220;4.16&#8243; _module_preset=&#8220;default&#8220; custom_margin=&#8220;||0px|||&#8220; global_colors_info=&#8220;{}&#8220;][\/et_pb_divider][et_pb_text _builder_version=&#8220;4.16&#8243; text_font_size=&#8220;17px&#8220; text_line_height=&#8220;1.8em&#8220; header_font=&#8220;Noto Sans|700|||||||&#8220; header_font_size=&#8220;60px&#8220; header_line_height=&#8220;1.2em&#8220; max_width_last_edited=&#8220;off|desktop&#8220; custom_margin=&#8220;0px||0px||false|false&#8220; custom_padding=&#8220;0px||0px||false|false&#8220; text_font_size_tablet=&#8220;&#8220; text_font_size_phone=&#8220;15px&#8220; text_font_size_last_edited=&#8220;on|desktop&#8220; header_font_size_tablet=&#8220;40px&#8220; header_font_size_phone=&#8220;30px&#8220; header_font_size_last_edited=&#8220;on|desktop&#8220; header_2_font_size_tablet=&#8220;&#8220; header_2_font_size_phone=&#8220;22px&#8220; header_2_font_size_last_edited=&#8220;on|phone&#8220; global_colors_info=&#8220;{}&#8220;]<\/p>\n<h2 class=\"p1\"><strong>Digitisation - \"Never as relevant as it is today\"<\/strong><\/h2>\n<p class=\"p1\">Budapest, 25. September 2020<\/p>\n<p>[\/et_pb_text][et_pb_image src=&#8220;https:\/\/mttconnect.de\/wp-content\/uploads\/2020\/10\/BZ-Magazin-2020-34.png&#8220; title_text=&#8220;BZ Magazin 2020 34&#8243; url=&#8220;https:\/\/mttconnect.de\/wp-content\/uploads\/2020\/10\/BZ-Magazin-2020-34.pdf&#8220; url_new_window=&#8220;on&#8220; align_tablet=&#8220;&#8220; align_phone=&#8220;&#8220; align_last_edited=&#8220;on|phone&#8220; _builder_version=&#8220;4.17.4&#8243; _module_preset=&#8220;default&#8220; max_width=&#8220;750px&#8220; global_colors_info=&#8220;{}&#8220;][\/et_pb_image][et_pb_text _builder_version=&#8220;4.16&#8243; _module_preset=&#8220;default&#8220; custom_margin=&#8220;29px||100px|||&#8220; global_colors_info=&#8220;{}&#8220;]<\/p>\n<p class=\"p1\">After the Network Digital was founded in spring 2019, I spoke to the Budapest newspaper about the current status and further plans. We all agree: this initiative has never been as relevant as it is today. Read why here.<\/p>\n<p class=\"p1\">You can read the whole interview here. (<span style=\"text-decoration: underline;\"><a href=\"https:\/\/mttconnect.de\/wp-content\/uploads\/2020\/10\/BZ-Magazin-2020-34.pdf\" rel=\"attachment wp-att-1025 noopener noreferrer\" target=\"_blank\">Download PDF<\/a><\/span>)<\/p>\n<p>[\/et_pb_text][\/et_pb_column][\/et_pb_row][et_pb_row custom_padding_last_edited=&#8220;on|tablet&#8220; _builder_version=&#8220;4.16&#8243; background_color=&#8220;#ffffff&#8220; z_index=&#8220;0&#8243; width_tablet=&#8220;90%&#8220; width_phone=&#8220;100%&#8220; width_last_edited=&#8220;on|desktop&#8220; max_width=&#8220;1200px&#8220; overflow-x=&#8220;visible&#8220; overflow-y=&#8220;visible&#8220; custom_margin=&#8220;0px|auto|30px|auto|false|false&#8220; custom_margin_tablet=&#8220;0px|auto|0px|auto|false|false&#8220; custom_margin_phone=&#8220;0px|auto|0px|auto|false|false&#8220; custom_margin_last_edited=&#8220;on|desktop&#8220; custom_padding=&#8220;0px|60px|0px|90px|false|false&#8220; custom_padding_tablet=&#8220;0px|0px|0px|0px|false|false&#8220; custom_padding_phone=&#8220;0px|40px|0px|40px|false|true&#8220; box_shadow_style=&#8220;preset3&#8243; box_shadow_vertical=&#8220;40px&#8220; box_shadow_blur=&#8220;110px&#8220; box_shadow_spread=&#8220;-40px&#8220; box_shadow_color=&#8220;rgba(131,146,167,0.21)&#8220; global_colors_info=&#8220;{}&#8220; width__hover_enabled=&#8220;off&#8220;][et_pb_column type=&#8220;4_4&#8243; admin_label=&#8220;Title&#8220; _builder_version=&#8220;4.16&#8243; custom_padding=&#8220;0px||||false|false&#8220; global_colors_info=&#8220;{}&#8220;][et_pb_divider divider_style=&#8220;dotted&#8220; divider_weight=&#8220;1px&#8220; _builder_version=&#8220;4.16&#8243; _module_preset=&#8220;default&#8220; custom_margin=&#8220;||1px|||&#8220; global_colors_info=&#8220;{}&#8220;][\/et_pb_divider][et_pb_text _builder_version=&#8220;4.16&#8243; text_font_size=&#8220;17px&#8220; text_line_height=&#8220;1.8em&#8220; header_font=&#8220;Noto Sans|700|||||||&#8220; header_font_size=&#8220;60px&#8220; header_line_height=&#8220;1.2em&#8220; max_width=&#8220;600px&#8220; max_width_last_edited=&#8220;off|desktop&#8220; custom_margin=&#8220;0px||0px||false|false&#8220; custom_padding=&#8220;0px||0px||false|false&#8220; text_font_size_tablet=&#8220;&#8220; text_font_size_phone=&#8220;15px&#8220; text_font_size_last_edited=&#8220;on|desktop&#8220; header_font_size_tablet=&#8220;40px&#8220; header_font_size_phone=&#8220;30px&#8220; header_font_size_last_edited=&#8220;on|desktop&#8220; header_2_font_size_tablet=&#8220;&#8220; header_2_font_size_phone=&#8220;22px&#8220; header_2_font_size_last_edited=&#8220;on|phone&#8220; global_colors_info=&#8220;{}&#8220;]<\/p>\n<h2 class=\"p1\"><b>I said \"Thank you\" on the Danube<\/b><\/h2>\n<p class=\"p1\">Budapest, 29. August 2020<\/p>\n<p>[\/et_pb_text][\/et_pb_column][\/et_pb_row][et_pb_row custom_padding_last_edited=&#8220;on|desktop&#8220; _builder_version=&#8220;4.16&#8243; background_color=&#8220;#ffffff&#8220; z_index=&#8220;0&#8243; width_tablet=&#8220;90%&#8220; width_phone=&#8220;100%&#8220; width_last_edited=&#8220;on|desktop&#8220; max_width=&#8220;1200px&#8220; overflow-x=&#8220;visible&#8220; overflow-y=&#8220;visible&#8220; custom_margin=&#8220;-30px|auto||auto|false|false&#8220; custom_margin_tablet=&#8220;&#8220; custom_margin_phone=&#8220;0px|auto||auto|false|false&#8220; custom_margin_last_edited=&#8220;on|phone&#8220; custom_padding=&#8220;0px|60px|1px|90px|false|false&#8220; custom_padding_tablet=&#8220;|||60px|false|false&#8220; custom_padding_phone=&#8220;0px|40px|4px|40px|false|true&#8220; box_shadow_style=&#8220;preset3&#8243; box_shadow_vertical=&#8220;40px&#8220; box_shadow_blur=&#8220;110px&#8220; box_shadow_spread=&#8220;-40px&#8220; box_shadow_color=&#8220;rgba(131,146,167,0.21)&#8220; global_colors_info=&#8220;{}&#8220; width__hover_enabled=&#8220;off&#8220;][et_pb_column type=&#8220;4_4&#8243; admin_label=&#8220;Text&#8220; _builder_version=&#8220;4.16&#8243; custom_padding=&#8220;48px||||false|false&#8220; global_colors_info=&#8220;{}&#8220;][et_pb_slider _builder_version=&#8220;4.16&#8243; _module_preset=&#8220;default&#8220; max_height_tablet=&#8220;360px&#8220; max_height_phone=&#8220;222px&#8220; max_height_last_edited=&#8220;on|phone&#8220; global_colors_info=&#8220;{}&#8220;][et_pb_slide admin_title=&#8220;8526&#8243; _builder_version=&#8220;4.16&#8243; _module_preset=&#8220;default&#8220; background_image=&#8220;https:\/\/mttconnect.de\/wp-content\/uploads\/2020\/09\/8526.jpg&#8220; background_enable_image=&#8220;on&#8220; global_colors_info=&#8220;{}&#8220; sticky_transition=&#8220;on&#8220;]<\/p>\n<p>&nbsp;<\/p>\n<p>&nbsp;<\/p>\n<p>&nbsp;<\/p>\n<p>&nbsp;<\/p>\n<p>&nbsp;<\/p>\n<p>&nbsp;<\/p>\n<p>&nbsp;<\/p>\n<p>&nbsp;<\/p>\n<p>[\/et_pb_slide][et_pb_slide admin_title=&#8220;8524&#8243; _builder_version=&#8220;4.16&#8243; _module_preset=&#8220;default&#8220; background_image=&#8220;https:\/\/mttconnect.de\/wp-content\/uploads\/2020\/09\/8524.jpg&#8220; background_enable_image=&#8220;on&#8220; global_colors_info=&#8220;{}&#8220; sticky_transition=&#8220;on&#8220;]<\/p>\n<p>&nbsp;<\/p>\n<p>&nbsp;<\/p>\n<p>&nbsp;<\/p>\n<p>&nbsp;<\/p>\n<p>&nbsp;<\/p>\n<p>&nbsp;<\/p>\n<p>&nbsp;<\/p>\n<p>&nbsp;<\/p>\n<p>[\/et_pb_slide][et_pb_slide admin_title=&#8220;8519&#8243; _builder_version=&#8220;4.16&#8243; _module_preset=&#8220;default&#8220; background_image=&#8220;https:\/\/mttconnect.de\/wp-content\/uploads\/2020\/09\/8519.jpg&#8220; background_enable_image=&#8220;on&#8220; global_colors_info=&#8220;{}&#8220; sticky_transition=&#8220;on&#8220;]<\/p>\n<p>&nbsp;<\/p>\n<p>&nbsp;<\/p>\n<p>&nbsp;<\/p>\n<p>&nbsp;<\/p>\n<p>&nbsp;<\/p>\n<p>&nbsp;<\/p>\n<p>&nbsp;<\/p>\n<p>&nbsp;<\/p>\n<p>[\/et_pb_slide][et_pb_slide admin_title=&#8220;8560&#8243; _builder_version=&#8220;4.16&#8243; _module_preset=&#8220;default&#8220; background_image=&#8220;https:\/\/mttconnect.de\/wp-content\/uploads\/2020\/09\/8560.jpg&#8220; background_enable_image=&#8220;on&#8220; global_colors_info=&#8220;{}&#8220; sticky_transition=&#8220;on&#8220;]<\/p>\n<p>&nbsp;<\/p>\n<p>&nbsp;<\/p>\n<p>&nbsp;<\/p>\n<p>&nbsp;<\/p>\n<p>&nbsp;<\/p>\n<p>&nbsp;<\/p>\n<p>&nbsp;<\/p>\n<p>&nbsp;<\/p>\n<p>[\/et_pb_slide][et_pb_slide admin_title=&#8220;8566&#8243; _builder_version=&#8220;4.16&#8243; _module_preset=&#8220;default&#8220; background_color=&#8220;rgba(0,0,0,0)&#8220; background_enable_color=&#8220;on&#8220; background_image=&#8220;https:\/\/mttconnect.de\/wp-content\/uploads\/2020\/09\/8566.jpg&#8220; background_enable_image=&#8220;on&#8220; background_position=&#8220;top_center&#8220; global_colors_info=&#8220;{}&#8220; sticky_transition=&#8220;on&#8220;]<\/p>\n<p>&nbsp;<\/p>\n<p>&nbsp;<\/p>\n<p>&nbsp;<\/p>\n<p>&nbsp;<\/p>\n<p>&nbsp;<\/p>\n<p>&nbsp;<\/p>\n<p>&nbsp;<\/p>\n<p>&nbsp;<\/p>\n<p>[\/et_pb_slide][et_pb_slide admin_title=&#8220;8612&#8243; _builder_version=&#8220;4.16&#8243; _module_preset=&#8220;default&#8220; background_color=&#8220;rgba(0,0,0,0)&#8220; background_enable_color=&#8220;on&#8220; background_image=&#8220;https:\/\/mttconnect.de\/wp-content\/uploads\/2020\/09\/8612.jpg&#8220; background_enable_image=&#8220;on&#8220; background_position=&#8220;top_center&#8220; global_colors_info=&#8220;{}&#8220; sticky_transition=&#8220;on&#8220;]<\/p>\n<p>&nbsp;<\/p>\n<p>&nbsp;<\/p>\n<p>&nbsp;<\/p>\n<p>&nbsp;<\/p>\n<p>&nbsp;<\/p>\n<p>&nbsp;<\/p>\n<p>&nbsp;<\/p>\n<p>&nbsp;<\/p>\n<p>[\/et_pb_slide][et_pb_slide admin_title=&#8220;8643&#8243; _builder_version=&#8220;4.16&#8243; _module_preset=&#8220;default&#8220; background_color=&#8220;rgba(0,0,0,0)&#8220; background_enable_color=&#8220;on&#8220; background_image=&#8220;https:\/\/mttconnect.de\/wp-content\/uploads\/2020\/09\/8643.jpg&#8220; background_enable_image=&#8220;on&#8220; background_position=&#8220;top_center&#8220; global_colors_info=&#8220;{}&#8220; sticky_transition=&#8220;on&#8220;]<\/p>\n<p>&nbsp;<\/p>\n<p>&nbsp;<\/p>\n<p>&nbsp;<\/p>\n<p>&nbsp;<\/p>\n<p>&nbsp;<\/p>\n<p>&nbsp;<\/p>\n<p>&nbsp;<\/p>\n<p>&nbsp;<\/p>\n<p>&nbsp;<\/p>\n<p>&nbsp;<\/p>\n<p>[\/et_pb_slide][et_pb_slide admin_title=&#8220;8680&#8243; _builder_version=&#8220;4.16&#8243; _module_preset=&#8220;default&#8220; background_color=&#8220;rgba(0,0,0,0)&#8220; background_enable_color=&#8220;on&#8220; background_image=&#8220;https:\/\/mttconnect.de\/wp-content\/uploads\/2020\/09\/8680.jpg&#8220; background_enable_image=&#8220;on&#8220; background_position=&#8220;top_center&#8220; global_colors_info=&#8220;{}&#8220; sticky_transition=&#8220;on&#8220;]<\/p>\n<p>&nbsp;<\/p>\n<p>&nbsp;<\/p>\n<p>&nbsp;<\/p>\n<p>&nbsp;<\/p>\n<p>&nbsp;<\/p>\n<p>&nbsp;<\/p>\n<p>&nbsp;<\/p>\n<p>&nbsp;<\/p>\n<p>&nbsp;<\/p>\n<p>&nbsp;<\/p>\n<p>[\/et_pb_slide][et_pb_slide admin_title=&#8220;8691&#8243; _builder_version=&#8220;4.16&#8243; _module_preset=&#8220;default&#8220; background_color=&#8220;rgba(0,0,0,0)&#8220; background_enable_color=&#8220;on&#8220; background_image=&#8220;https:\/\/mttconnect.de\/wp-content\/uploads\/2020\/09\/8691.jpg&#8220; background_enable_image=&#8220;on&#8220; background_position=&#8220;top_center&#8220; global_colors_info=&#8220;{}&#8220; sticky_transition=&#8220;on&#8220;]<\/p>\n<p>&nbsp;<\/p>\n<p>&nbsp;<\/p>\n<p>&nbsp;<\/p>\n<p>&nbsp;<\/p>\n<p>&nbsp;<\/p>\n<p>&nbsp;<\/p>\n<p>&nbsp;<\/p>\n<p>&nbsp;<\/p>\n<p>&nbsp;<\/p>\n<p>&nbsp;<\/p>\n<p>[\/et_pb_slide][et_pb_slide admin_title=&#8220;8701&#8243; _builder_version=&#8220;4.16&#8243; _module_preset=&#8220;default&#8220; background_color=&#8220;rgba(0,0,0,0)&#8220; background_enable_color=&#8220;on&#8220; background_image=&#8220;https:\/\/mttconnect.de\/wp-content\/uploads\/2020\/09\/8701.jpg&#8220; background_enable_image=&#8220;on&#8220; background_position=&#8220;top_center&#8220; global_colors_info=&#8220;{}&#8220; sticky_transition=&#8220;on&#8220;]<\/p>\n<p>&nbsp;<\/p>\n<p>&nbsp;<\/p>\n<p>&nbsp;<\/p>\n<p>&nbsp;<\/p>\n<p>&nbsp;<\/p>\n<p>&nbsp;<\/p>\n<p>&nbsp;<\/p>\n<p>&nbsp;<\/p>\n<p>&nbsp;<\/p>\n<p>&nbsp;<\/p>\n<p>[\/et_pb_slide][et_pb_slide admin_title=&#8220;8726&#8243; _builder_version=&#8220;4.16&#8243; _module_preset=&#8220;default&#8220; background_color=&#8220;rgba(0,0,0,0)&#8220; background_enable_color=&#8220;on&#8220; background_image=&#8220;https:\/\/mttconnect.de\/wp-content\/uploads\/2020\/09\/8726.jpg&#8220; background_enable_image=&#8220;on&#8220; background_position=&#8220;top_center&#8220; global_colors_info=&#8220;{}&#8220; sticky_transition=&#8220;on&#8220;]<\/p>\n<p>&nbsp;<\/p>\n<p>&nbsp;<\/p>\n<p>&nbsp;<\/p>\n<p>&nbsp;<\/p>\n<p>&nbsp;<\/p>\n<p>&nbsp;<\/p>\n<p>&nbsp;<\/p>\n<p>&nbsp;<\/p>\n<p>&nbsp;<\/p>\n<p>&nbsp;<\/p>\n<p>[\/et_pb_slide][et_pb_slide admin_title=&#8220;8748&#8243; _builder_version=&#8220;4.16&#8243; _module_preset=&#8220;default&#8220; background_color=&#8220;rgba(0,0,0,0)&#8220; background_enable_color=&#8220;on&#8220; background_image=&#8220;https:\/\/mttconnect.de\/wp-content\/uploads\/2020\/09\/8748.jpg&#8220; background_enable_image=&#8220;on&#8220; background_position=&#8220;top_center&#8220; global_colors_info=&#8220;{}&#8220; sticky_transition=&#8220;on&#8220;]<\/p>\n<p>&nbsp;<\/p>\n<p>&nbsp;<\/p>\n<p>&nbsp;<\/p>\n<p>&nbsp;<\/p>\n<p>&nbsp;<\/p>\n<p>&nbsp;<\/p>\n<p>&nbsp;<\/p>\n<p>&nbsp;<\/p>\n<p>&nbsp;<\/p>\n<p>&nbsp;<\/p>\n<p>[\/et_pb_slide][et_pb_slide admin_title=&#8220;8778&#8243; _builder_version=&#8220;4.16&#8243; _module_preset=&#8220;default&#8220; background_color=&#8220;rgba(0,0,0,0)&#8220; background_enable_color=&#8220;on&#8220; background_image=&#8220;https:\/\/mttconnect.de\/wp-content\/uploads\/2020\/09\/8778.jpg&#8220; background_enable_image=&#8220;on&#8220; background_position=&#8220;top_center&#8220; global_colors_info=&#8220;{}&#8220; sticky_transition=&#8220;on&#8220;]<\/p>\n<p>&nbsp;<\/p>\n<p>&nbsp;<\/p>\n<p>&nbsp;<\/p>\n<p>&nbsp;<\/p>\n<p>&nbsp;<\/p>\n<p>&nbsp;<\/p>\n<p>&nbsp;<\/p>\n<p>&nbsp;<\/p>\n<p>&nbsp;<\/p>\n<p>&nbsp;<\/p>\n<p>[\/et_pb_slide][et_pb_slide admin_title=&#8220;8803&#8243; _builder_version=&#8220;4.16&#8243; _module_preset=&#8220;default&#8220; background_color=&#8220;rgba(0,0,0,0)&#8220; background_enable_color=&#8220;on&#8220; background_image=&#8220;https:\/\/mttconnect.de\/wp-content\/uploads\/2020\/09\/8803.jpg&#8220; background_enable_image=&#8220;on&#8220; background_position=&#8220;top_center&#8220; global_colors_info=&#8220;{}&#8220; sticky_transition=&#8220;on&#8220;]<\/p>\n<p>&nbsp;<\/p>\n<p>&nbsp;<\/p>\n<p>&nbsp;<\/p>\n<p>&nbsp;<\/p>\n<p>&nbsp;<\/p>\n<p>&nbsp;<\/p>\n<p>&nbsp;<\/p>\n<p>&nbsp;<\/p>\n<p>&nbsp;<\/p>\n<p>&nbsp;<\/p>\n<p>[\/et_pb_slide][et_pb_slide admin_title=&#8220;8827&#8243; _builder_version=&#8220;4.16&#8243; _module_preset=&#8220;default&#8220; background_color=&#8220;rgba(0,0,0,0)&#8220; background_enable_color=&#8220;on&#8220; background_image=&#8220;https:\/\/mttconnect.de\/wp-content\/uploads\/2020\/09\/8827.jpg&#8220; background_enable_image=&#8220;on&#8220; background_position=&#8220;top_center&#8220; global_colors_info=&#8220;{}&#8220; sticky_transition=&#8220;on&#8220;]<\/p>\n<p>&nbsp;<\/p>\n<p>&nbsp;<\/p>\n<p>&nbsp;<\/p>\n<p>&nbsp;<\/p>\n<p>&nbsp;<\/p>\n<p>&nbsp;<\/p>\n<p>&nbsp;<\/p>\n<p>&nbsp;<\/p>\n<p>&nbsp;<\/p>\n<p>&nbsp;<\/p>\n<p>[\/et_pb_slide][et_pb_slide admin_title=&#8220;8869&#8243; _builder_version=&#8220;4.16&#8243; _module_preset=&#8220;default&#8220; background_color=&#8220;rgba(0,0,0,0)&#8220; background_enable_color=&#8220;on&#8220; background_image=&#8220;https:\/\/mttconnect.de\/wp-content\/uploads\/2020\/09\/8869.jpg&#8220; background_enable_image=&#8220;on&#8220; background_position=&#8220;top_center&#8220; global_colors_info=&#8220;{}&#8220; sticky_transition=&#8220;on&#8220;]<\/p>\n<p>&nbsp;<\/p>\n<p>&nbsp;<\/p>\n<p>&nbsp;<\/p>\n<p>&nbsp;<\/p>\n<p>&nbsp;<\/p>\n<p>&nbsp;<\/p>\n<p>&nbsp;<\/p>\n<p>&nbsp;<\/p>\n<p>&nbsp;<\/p>\n<p>&nbsp;<\/p>\n<p>[\/et_pb_slide][et_pb_slide admin_title=&#8220;8871&#8243; _builder_version=&#8220;4.16&#8243; _module_preset=&#8220;default&#8220; background_color=&#8220;rgba(0,0,0,0)&#8220; background_enable_color=&#8220;on&#8220; background_image=&#8220;https:\/\/mttconnect.de\/wp-content\/uploads\/2020\/09\/8871.jpg&#8220; background_enable_image=&#8220;on&#8220; background_position=&#8220;top_center&#8220; global_colors_info=&#8220;{}&#8220; sticky_transition=&#8220;on&#8220;]<\/p>\n<p>&nbsp;<\/p>\n<p>&nbsp;<\/p>\n<p>&nbsp;<\/p>\n<p>&nbsp;<\/p>\n<p>&nbsp;<\/p>\n<p>&nbsp;<\/p>\n<p>&nbsp;<\/p>\n<p>&nbsp;<\/p>\n<p>&nbsp;<\/p>\n<p>&nbsp;<\/p>\n<p>[\/et_pb_slide][et_pb_slide admin_title=&#8220;8961&#8243; _builder_version=&#8220;4.16&#8243; _module_preset=&#8220;default&#8220; background_color=&#8220;rgba(0,0,0,0)&#8220; background_enable_color=&#8220;on&#8220; background_image=&#8220;https:\/\/mttconnect.de\/wp-content\/uploads\/2020\/09\/8961.jpg&#8220; background_enable_image=&#8220;on&#8220; background_position=&#8220;top_center&#8220; global_colors_info=&#8220;{}&#8220; sticky_transition=&#8220;on&#8220;]<\/p>\n<p>&nbsp;<\/p>\n<p>&nbsp;<\/p>\n<p>&nbsp;<\/p>\n<p>&nbsp;<\/p>\n<p>&nbsp;<\/p>\n<p>&nbsp;<\/p>\n<p>&nbsp;<\/p>\n<p>&nbsp;<\/p>\n<p>&nbsp;<\/p>\n<p>&nbsp;<\/p>\n<p>[\/et_pb_slide][\/et_pb_slider][et_pb_text _builder_version=&#8220;4.16&#8243; _module_preset=&#8220;default&#8220; custom_margin=&#8220;||100px|||&#8220; global_colors_info=&#8220;{}&#8220;]<\/p>\n<p class=\"p1\">On Friday 28.08.2020 I welcomed numerous guests from business and society to a lunch reception on the event platform of the Hungarian Canoeing Association.<\/p>\n<p>My special thanks go to Dr. Laszlo Gy\u00f6rgy, State Secretary of the Ministry of Economy, as well as Dr. Leo Birnbaum, Member of the Board of EON SE, for their greetings.<\/p>\n<p class=\"p1\">As special guests I welcomed Uwe Tigges as representative of my bosses at RWE\/innogy and his wife Dagmar Gossen as well as Martin Herrmann, Filip Thon and Karl Kraus as representatives of all colleagues of the group.<\/p>\n<p>The German-Hungarian Chamber of Commerce in Budapest was represented by our President Andr\u00e1s S\u00e1vos, the Managing Director Gabriel Brennauer and numerous members of the Executive Board, Advisory Board and Supervisory Board.<\/p>\n<p class=\"p1\">Dr. Arne Gobert, President of the German Business Club in Hungary and Maren Schoeningh, Chairwoman of the German-Hungarian Youth Office, were also able to participate.<\/p>\n<p class=\"p1\">I am very grateful that the event could take place in the times of Corona.\u00a0<\/p>\n<p class=\"p1\">You can read the report of the newspaper \u2018Budapester Zeitung\u2019 here. (<span style=\"text-decoration: underline;\"><a href=\"https:\/\/mttconnect.de\/wp-content\/uploads\/2020\/09\/BZ-Magazin-2020-31-Seite-16.pdf\" rel=\"attachment wp-att-1129 noopener noreferrer\" target=\"_blank\">Download PDF<\/a><\/span>)<\/p>\n<p>[\/et_pb_text][et_pb_divider divider_style=&#8220;dotted&#8220; divider_weight=&#8220;1px&#8220; _builder_version=&#8220;4.16&#8243; _module_preset=&#8220;default&#8220; custom_margin=&#8220;||0px|||&#8220; global_colors_info=&#8220;{}&#8220;][\/et_pb_divider][et_pb_text _builder_version=&#8220;4.16&#8243; text_font_size=&#8220;17px&#8220; text_line_height=&#8220;1.8em&#8220; header_font=&#8220;Noto Sans|700|||||||&#8220; header_font_size=&#8220;60px&#8220; header_line_height=&#8220;1.2em&#8220; max_width=&#8220;600px&#8220; max_width_last_edited=&#8220;off|desktop&#8220; custom_margin=&#8220;0px||0px||false|false&#8220; custom_padding=&#8220;0px||0px||false|false&#8220; text_font_size_tablet=&#8220;&#8220; text_font_size_phone=&#8220;15px&#8220; text_font_size_last_edited=&#8220;on|desktop&#8220; header_font_size_tablet=&#8220;40px&#8220; header_font_size_phone=&#8220;30px&#8220; header_font_size_last_edited=&#8220;on|desktop&#8220; header_2_font_size_tablet=&#8220;&#8220; header_2_font_size_phone=&#8220;22px&#8220; header_2_font_size_last_edited=&#8220;on|phone&#8220; global_colors_info=&#8220;{}&#8220;]<\/p>\n<h2 class=\"p1\"><b>Continuing to be connected to Hungary<\/b><\/h2>\n<p class=\"p1\">Budapest, 28. August 2020<\/p>\n<p>[\/et_pb_text][et_pb_image src=&#8220;https:\/\/mttconnect.de\/wp-content\/uploads\/2020\/09\/BZ_PDF_PW-1024&#215;469.png&#8220; title_text=&#8220;BZ_PDF_PW&#8220; url=&#8220;https:\/\/mttconnect.de\/wp-content\/uploads\/2020\/09\/BZ-Magazin-Seite-18-20.pdf&#8220; url_new_window=&#8220;on&#8220; align_tablet=&#8220;&#8220; align_phone=&#8220;&#8220; align_last_edited=&#8220;on|phone&#8220; _builder_version=&#8220;4.17.4&#8243; _module_preset=&#8220;default&#8220; max_width=&#8220;750px&#8220; global_colors_info=&#8220;{}&#8220;][\/et_pb_image][et_pb_text _builder_version=&#8220;4.16&#8243; _module_preset=&#8220;default&#8220; custom_margin=&#8220;29px||100px|||&#8220; global_colors_info=&#8220;{}&#8220;]<\/p>\n<p class=\"p1\">On the occasion of my retirement from operative professional life, Jani Mainka, publisher of the newspaper \u2018Budapester Zeitung\u2019, invited me for an interview. We talked about my experiences as the CEO of ELM\u0170-\u00c9M\u00c1SZ Group Budapest and my future plans as a member of the supervisory board and networker under the label MTTconnect. Pictures were made in the heart of Budapest.<\/p>\n<p class=\"p1\">You can read the whole interview here. (<span style=\"text-decoration: underline;\"><a href=\"https:\/\/mttconnect.de\/wp-content\/uploads\/2020\/09\/BZ-Magazin-Seite-18-20.pdf\" rel=\"attachment wp-att-1025 noopener noreferrer\" target=\"_blank\">Download PDF<\/a><\/span>)<\/p>\n<p>[\/et_pb_text][\/et_pb_column][\/et_pb_row][et_pb_row _builder_version=&#8220;4.16&#8243; _module_preset=&#8220;default&#8220; max_width=&#8220;1200px&#8220; locked=&#8220;off&#8220; global_colors_info=&#8220;{}&#8220;][et_pb_column type=&#8220;4_4&#8243; _builder_version=&#8220;4.16&#8243; _module_preset=&#8220;default&#8220; global_colors_info=&#8220;{}&#8220;][et_pb_text _builder_version=&#8220;4.16&#8243; _module_preset=&#8220;default&#8220; text_text_color=&#8220;#ffffff&#8220; custom_margin=&#8220;12px||0px||false|false&#8220; custom_padding=&#8220;0px||0px||false|false&#8220; global_colors_info=&#8220;{}&#8220;]<\/p>\n<p>\u00a9 by MTTconnect 2022 | <span style=\"text-decoration: underline;\">Impressum<\/span> | <span style=\"text-decoration: underline;\">Datenschutzerkl\u00e4rung<\/span><\/p>\n<p>[\/et_pb_text][\/et_pb_column][\/et_pb_row][\/et_pb_section]<\/p>","protected":false},"excerpt":{"rendered":"<p>AktuellesHier finden Sie Berichte \u00fcber j\u00fcngste Veranstaltungen und andere Ereignisse.Internationale Mobilit\u00e4t von F\u00fchrungsfrauen Virtuell, 12.05.2022\u201cInnere Mobilit\u00e4t ist der Weg zum \u00e4u\u00dferen Erfolg\u201d &#8211; das war das Fazit der Veranstaltung der Internationalen Kommission des Verbands deutscher Unternehmerinnen e.V. (VdU) mit der deutschen Auslandshandelskammer (AHK) zum Thema \u201eInternationalen Mobilit\u00e4t von F\u00fchrungsfrauen\u201c, die ich als Vorstandsmitglied des VdU [&hellip;]<\/p>","protected":false},"author":1,"featured_media":0,"parent":0,"menu_order":0,"comment_status":"closed","ping_status":"closed","template":"","meta":{"_et_pb_use_builder":"on","_et_pb_old_content":"","_et_gb_content_width":""},"yoast_head":"<!-- This site is optimized with the Yoast SEO plugin v19.0 - https:\/\/yoast.com\/wordpress\/plugins\/seo\/ -->\n<title>Aktuelles - Creating Networks for Success<\/title>\n<meta name=\"robots\" content=\"noindex, nofollow\" \/>\n<meta property=\"og:locale\" content=\"en_GB\" \/>\n<meta property=\"og:type\" content=\"article\" \/>\n<meta property=\"og:title\" content=\"Aktuelles - Creating Networks for Success\" \/>\n<meta property=\"og:description\" content=\"AktuellesHier finden Sie Berichte \u00fcber j\u00fcngste Veranstaltungen und andere Ereignisse.Internationale Mobilit\u00e4t von F\u00fchrungsfrauen Virtuell, 12.05.2022\u201cInnere Mobilit\u00e4t ist der Weg zum \u00e4u\u00dferen Erfolg\u201d - das war das Fazit der Veranstaltung der Internationalen Kommission des Verbands deutscher Unternehmerinnen e.V. (VdU) mit der deutschen Auslandshandelskammer (AHK) zum Thema \u201eInternationalen Mobilit\u00e4t von F\u00fchrungsfrauen\u201c, die ich als Vorstandsmitglied des VdU [&hellip;]\" \/>\n<meta property=\"og:url\" content=\"https:\/\/mttconnect.de\/en\/aktuelles\/\" \/>\n<meta property=\"og:site_name\" content=\"Creating Networks for Success\" \/>\n<meta property=\"article:modified_time\" content=\"2022-06-03T17:30:16+00:00\" \/>\n<meta name=\"twitter:card\" content=\"summary_large_image\" \/>\n<meta name=\"twitter:label1\" content=\"Estimated reading time\" \/>\n\t<meta name=\"twitter:data1\" content=\"30 minutes\" \/>\n<script type=\"application\/ld+json\" class=\"yoast-schema-graph\">{\"@context\":\"https:\/\/schema.org\",\"@graph\":[{\"@type\":\"WebSite\",\"@id\":\"https:\/\/mttconnect.de\/#website\",\"url\":\"https:\/\/mttconnect.de\/\",\"name\":\"Creating Networks for Success\",\"description\":\"MTTconnect - Dr. Marie-Theres Thiell\",\"potentialAction\":[{\"@type\":\"SearchAction\",\"target\":{\"@type\":\"EntryPoint\",\"urlTemplate\":\"https:\/\/mttconnect.de\/?s={search_term_string}\"},\"query-input\":\"required name=search_term_string\"}],\"inLanguage\":\"en-GB\"},{\"@type\":\"WebPage\",\"@id\":\"https:\/\/mttconnect.de\/aktuelles\/#webpage\",\"url\":\"https:\/\/mttconnect.de\/aktuelles\/\",\"name\":\"Aktuelles - Creating Networks for Success\",\"isPartOf\":{\"@id\":\"https:\/\/mttconnect.de\/#website\"},\"datePublished\":\"2020-08-16T20:32:24+00:00\",\"dateModified\":\"2022-06-03T17:30:16+00:00\",\"breadcrumb\":{\"@id\":\"https:\/\/mttconnect.de\/aktuelles\/#breadcrumb\"},\"inLanguage\":\"en-GB\",\"potentialAction\":[{\"@type\":\"ReadAction\",\"target\":[\"https:\/\/mttconnect.de\/aktuelles\/\"]}]},{\"@type\":\"BreadcrumbList\",\"@id\":\"https:\/\/mttconnect.de\/aktuelles\/#breadcrumb\",\"itemListElement\":[{\"@type\":\"ListItem\",\"position\":1,\"name\":\"Startseite\",\"item\":\"https:\/\/mttconnect.de\/\"},{\"@type\":\"ListItem\",\"position\":2,\"name\":\"Aktuelles\"}]}]}<\/script>\n<!-- \/ Yoast SEO plugin. -->","yoast_head_json":{"title":"Aktuelles - Creating Networks for Success","robots":{"index":"noindex","follow":"nofollow"},"og_locale":"en_GB","og_type":"article","og_title":"Aktuelles - Creating Networks for Success","og_description":"AktuellesHier finden Sie Berichte \u00fcber j\u00fcngste Veranstaltungen und andere Ereignisse.Internationale Mobilit\u00e4t von F\u00fchrungsfrauen Virtuell, 12.05.2022\u201cInnere Mobilit\u00e4t ist der Weg zum \u00e4u\u00dferen Erfolg\u201d - das war das Fazit der Veranstaltung der Internationalen Kommission des Verbands deutscher Unternehmerinnen e.V. (VdU) mit der deutschen Auslandshandelskammer (AHK) zum Thema \u201eInternationalen Mobilit\u00e4t von F\u00fchrungsfrauen\u201c, die ich als Vorstandsmitglied des VdU [&hellip;]","og_url":"https:\/\/mttconnect.de\/en\/aktuelles\/","og_site_name":"Creating Networks for Success","article_modified_time":"2022-06-03T17:30:16+00:00","twitter_card":"summary_large_image","twitter_misc":{"Estimated reading time":"30 minutes"},"schema":{"@context":"https:\/\/schema.org","@graph":[{"@type":"WebSite","@id":"https:\/\/mttconnect.de\/#website","url":"https:\/\/mttconnect.de\/","name":"Creating Networks for Success","description":"MTTconnect - Dr. Marie-Theres Thiell","potentialAction":[{"@type":"SearchAction","target":{"@type":"EntryPoint","urlTemplate":"https:\/\/mttconnect.de\/?s={search_term_string}"},"query-input":"required name=search_term_string"}],"inLanguage":"en-GB"},{"@type":"WebPage","@id":"https:\/\/mttconnect.de\/aktuelles\/#webpage","url":"https:\/\/mttconnect.de\/aktuelles\/","name":"Aktuelles - Creating Networks for Success","isPartOf":{"@id":"https:\/\/mttconnect.de\/#website"},"datePublished":"2020-08-16T20:32:24+00:00","dateModified":"2022-06-03T17:30:16+00:00","breadcrumb":{"@id":"https:\/\/mttconnect.de\/aktuelles\/#breadcrumb"},"inLanguage":"en-GB","potentialAction":[{"@type":"ReadAction","target":["https:\/\/mttconnect.de\/aktuelles\/"]}]},{"@type":"BreadcrumbList","@id":"https:\/\/mttconnect.de\/aktuelles\/#breadcrumb","itemListElement":[{"@type":"ListItem","position":1,"name":"Startseite","item":"https:\/\/mttconnect.de\/"},{"@type":"ListItem","position":2,"name":"Aktuelles"}]}]}},"_links":{"self":[{"href":"https:\/\/mttconnect.de\/en\/wp-json\/wp\/v2\/pages\/264"}],"collection":[{"href":"https:\/\/mttconnect.de\/en\/wp-json\/wp\/v2\/pages"}],"about":[{"href":"https:\/\/mttconnect.de\/en\/wp-json\/wp\/v2\/types\/page"}],"author":[{"embeddable":true,"href":"https:\/\/mttconnect.de\/en\/wp-json\/wp\/v2\/users\/1"}],"replies":[{"embeddable":true,"href":"https:\/\/mttconnect.de\/en\/wp-json\/wp\/v2\/comments?post=264"}],"version-history":[{"count":73,"href":"https:\/\/mttconnect.de\/en\/wp-json\/wp\/v2\/pages\/264\/revisions"}],"predecessor-version":[{"id":1479,"href":"https:\/\/mttconnect.de\/en\/wp-json\/wp\/v2\/pages\/264\/revisions\/1479"}],"wp:attachment":[{"href":"https:\/\/mttconnect.de\/en\/wp-json\/wp\/v2\/media?parent=264"}],"curies":[{"name":"wp","href":"https:\/\/api.w.org\/{rel}","templated":true}]}}